{"id":3,"date":"2020-01-12T01:16:53","date_gmt":"2020-01-12T00:16:53","guid":{"rendered":"http:\/\/sklep.mhara.pl\/?page_id=3"},"modified":"2025-06-10T23:39:36","modified_gmt":"2025-06-10T21:39:36","slug":"polityka-prywatnosci","status":"publish","type":"page","link":"https:\/\/emhara.pl\/sklep\/polityka-prywatnosci\/","title":{"rendered":"Polityka prywatno\u015bci"},"content":{"rendered":"<h2 class=\"wp-block-heading\"><strong>SERWISU INTERNETOWEGO EMHARA.PL<\/strong>\/<strong>SKLEP<\/strong><\/h2><p>Obowi\u0105zuje od dnia 01.06.2025<\/p><p><strong>SPIS TRE\u015aCI:&nbsp;<\/strong><\/p><p>1. POSTANOWIENIA OG\u00d3LNE<br>2. PODSTAWY PRZETWARZANIA DANYCH<br>3. CEL, PODSTAWA I OKRES PRZETWARZANIA DANYCH W SERWISIE INTERNETOWYM<br>4. ODBIORCY DANYCH W SERWISIE INTERNETOWYM<br>5. PROFILOWANIE W SERWISIE INTERNETOWYM<br>6. PRAWA OSOBY, KT\u00d3REJ DANE DOTYCZ\u0104<br>7. COOKIES W SERWISIE INTERNETOWYM I ANALITYKA<br>8.<strong> <\/strong>POSTANOWIENIA KO\u0143COWE<\/p><h2 class=\"wp-block-heading\"><strong>1. POSTANOWIENIA OG\u00d3LNE&nbsp;<\/strong><\/h2><p><strong>1.1. <\/strong>Niniejsza polityka prywatno\u015bci Serwisu Internetowego ma charakter informacyjny, co oznacza, \u017ce nie jest ona \u017ar\u00f3d\u0142em obowi\u0105zk\u00f3w dla Us\u0142ugobiorc\u00f3w lub Klient\u00f3w Serwisu Internetowego. Polityka prywatno\u015bci zawiera przede wszystkim zasady dotycz\u0105ce przetwarzania danych osobowych przez Administratora w Serwisie Internetowym, w tym podstawy, cele i okres przetwarzania danych osobowych oraz prawa os\u00f3b, kt\u00f3rych dane dotycz\u0105, a tak\u017ce informacje w zakresie stosowania w Serwisie Internetowym plik\u00f3w Cookies oraz narz\u0119dzi analitycznych.&nbsp;<\/p><p><strong>1.2. <\/strong>Administratorem danych osobowych zbieranych za po\u015brednictwem Serwisu Internetowego w zwi\u0105zku z zawarciem i wykonywaniem Um\u00f3w z Klientami jest ka\u017cdorazowo Wykonawca konkretnej Us\u0142ugi, kt\u00f3ry wskazywany jest Klientowi najp\u00f3\u017aniej w momencie zawarcia Umowy na podstawie Rezerwacji. Dane wszystkich Wykonawc\u00f3w Us\u0142ug podane s\u0105 w Regulaminie dost\u0119pnym na stronie Serwisu Internetowego.&nbsp;<\/p><p><strong>1.3. <\/strong>Administratorem danych osobowych zbieranych w zwi\u0105zku z korzystaniem z Serwisu Internetowego, sk\u0142adaniem Zam\u00f3wie\u0144 i Rezerwacji, \u015bwiadczeniem Us\u0142ug Elektronicznych, a tak\u017ce zakupem Produkt\u00f3w (w tym Kupon\u00f3w Prezentowych, Us\u0142ug Wydruku i Us\u0142ug Wydruku Sesyjnego) jest Micha\u0142 Hara prowadz\u0105cy dzia\u0142alno\u015b\u0107 gospodarcz\u0105 pod firm\u0105 MICHA\u0141 HARA wpisany do Centralnej Ewidencji i Informacji o Dzia\u0142alno\u015bci Gospodarczej Rzeczypospolitej Polskiej prowadzonej przez ministra w\u0142a\u015bciwego do spraw gospodarki, posiadaj\u0105cy: adres miejsca wykonywania dzia\u0142alno\u015bci: ul. Opatowska 1, 27-600 Sandomierz i adres do dor\u0119cze\u0144: ul. Nowogrodzka 20\/6, 00-511 Warszawa, NIP 8641794009, REGON 260405422, adres poczty elektronicznej: sklep@emhara.com.pl oraz numer telefonu: (+48) 22 230 23 60 \u2013 b\u0119d\u0105cy jednocze\u015bnie Us\u0142ugodawc\u0105 Serwisu Internetowego i Sprzedawc\u0105.&nbsp;<\/p><p><strong>1.4. <\/strong>Na potrzeby niniejszej polityki prywatno\u015bci Sprzedawca\/Us\u0142ugodawca oraz Wykonawcy zwani s\u0105 \u0142\u0105cznie \u201e<strong>Administratorem<\/strong>\u201d.&nbsp;<\/p><p><strong>1.5. <\/strong>Dane osobowe w Serwisie Internetowym przetwarzane s\u0105 przez Administratora zgodnie z obowi\u0105zuj\u0105cymi przepisami prawa, w szczeg\u00f3lno\u015bci zgodnie z rozporz\u0105dzeniem Parlamentu Europejskiego i Rady (UE) 2016\/679 z dnia 27 kwietnia 2016 r. w sprawie ochrony os\u00f3b fizycznych w zwi\u0105zku z przetwarzaniem danych osobowych i w sprawie swobodnego przep\u0142ywu takich danych oraz uchylenia dyrektywy 95\/46\/WE (og\u00f3lne rozporz\u0105dzenie o ochronie danych) \u2013 zwanym dalej \u201e<strong>RODO<\/strong>\u201d lub \u201e<strong>Rozporz\u0105dzeniem RODO<\/strong>\u201d. Oficjalny tekst Rozporz\u0105dzenia RODO: http:\/\/eur-lex.europa.eu\/legal-content\/PL\/TXT\/?uri=CELEX%3A32016R0679&nbsp;<\/p><p><strong>1.6. <\/strong>Korzystanie ze Serwisu Internetowego, w tym dokonywanie zakup\u00f3w, jest dobrowolne. Podobnie zwi\u0105zane z tym podanie danych osobowych przez korzystaj\u0105cego ze Serwisu Internetowego Us\u0142ugobiorc\u0119 lub Klienta jest dobrowolne, z zastrze\u017ceniem dw\u00f3ch wyj\u0105tk\u00f3w: (1) <strong>zawieranie um\u00f3w z Administratorem <\/strong>\u2013 niepodanie w przypadkach i w zakresie wskazanym na stronie Serwisu Internetowego oraz w Regulaminie Serwisu Internetowego i niniejszej polityce prywatno\u015bci danych osobowych niezb\u0119dnych do zawarcia i wykonania Umowy skorzystania z Us\u0142ugi Elektronicznej skutkuje brakiem mo\u017cliwo\u015bci zawarcia tej\u017ce Umowy lub skorzystania z okre\u015blonej Us\u0142ugi Elektronicznej. Podanie danych osobowych jest w takim wypadku wymogiem umownym i je\u017celi osoba, kt\u00f3rej dane dotycz\u0105, chce zawrze\u0107 dan\u0105 Umow\u0119 z Administratorem lub skorzysta\u0107 z okre\u015blonej Us\u0142ugi Elektronicznej, to jest zobowi\u0105zana do podania wymaganych danych. Ka\u017cdorazowo zakres danych wymaganych do zawarcia umowy wskazany jest uprzednio na stronie Serwisu Internetowego oraz w Regulaminie Serwisu Internetowego; (2) <strong>obowi\u0105zki ustawowe Administratora <\/strong>\u2013 podanie danych osobowych jest wymogiem ustawowym wynikaj\u0105cym z powszechnie obowi\u0105zuj\u0105cych przepis\u00f3w prawa nak\u0142adaj\u0105cych na Administratora obowi\u0105zek przetwarzania danych osobowych (np. przetwarzanie danych w celu prowadzenia ksi\u0119gowo\u015bci) i brak ich podania uniemo\u017cliwi Administratorowi wykonanie tych\u017ce obowi\u0105zk\u00f3w.&nbsp;<\/p><p><strong>1.7. <\/strong>Administrator dok\u0142ada szczeg\u00f3lnej staranno\u015bci w celu ochrony interes\u00f3w os\u00f3b, kt\u00f3rych przetwarzane przez niego dane osobowe dotycz\u0105, a w szczeg\u00f3lno\u015bci jest odpowiedzialny i zapewnia, \u017ce zbierane przez niego dane s\u0105: (1) przetwarzane zgodnie z prawem; (2) zbierane dla oznaczonych, zgodnych z prawem cel\u00f3w i niepoddawane dalszemu przetwarzaniu niezgodnemu z tymi celami; (3) merytorycznie poprawne i adekwatne w stosunku do cel\u00f3w, w jakich s\u0105 przetwarzane; (4) przechowywane w postaci umo\u017cliwiaj\u0105cej identyfikacj\u0119 os\u00f3b, kt\u00f3rych dotycz\u0105, nie d\u0142u\u017cej ni\u017c jest to niezb\u0119dne do osi\u0105gni\u0119cia celu przetwarzania oraz (5) przetwarzane w spos\u00f3b zapewniaj\u0105cy odpowiednie bezpiecze\u0144stwo danych osobowych, w tym ochron\u0119 przed niedozwolonym lub niezgodnym z prawem przetwarzaniem oraz przypadkow\u0105 utrat\u0105, zniszczeniem lub uszkodzeniem, za pomoc\u0105 odpowiednich \u015brodk\u00f3w technicznych lub organizacyjnych.\u00a0<\/p><p><strong>1.8. <\/strong>Uwzgl\u0119dniaj\u0105c charakter, zakres, kontekst i cele przetwarzania oraz ryzyko naruszenia praw lub wolno\u015bci os\u00f3b fizycznych o r\u00f3\u017cnym prawdopodobie\u0144stwie i wadze zagro\u017cenia, Administrator wdra\u017ca odpowiednie \u015brodki techniczne i organizacyjne, aby przetwarzanie odbywa\u0142o si\u0119 zgodnie z Rozporz\u0105dzeniem RODO i aby m\u00f3c to wykaza\u0107. \u015arodki te s\u0105 w razie potrzeby poddawane przegl\u0105dom i uaktualniane. Administrator stosuje \u015brodki techniczne zapobiegaj\u0105ce pozyskiwaniu i modyfikowaniu przez osoby nieuprawnione danych osobowych przesy\u0142anych drog\u0105 elektroniczn\u0105.&nbsp;<\/p><p><strong>1.9. <\/strong>Wszelkie s\u0142owa, wyra\u017cenia i akronimy wyst\u0119puj\u0105ce w niniejszej polityce prywatno\u015bci i rozpoczynaj\u0105ce si\u0119 du\u017c\u0105 liter\u0105 (np. <strong>Serwis Internetowy<\/strong>, <strong>Umowa<\/strong>, <strong>Us\u0142uga Elektroniczna<\/strong>) nale\u017cy rozumie\u0107 zgodnie z ich definicj\u0105 zawart\u0105 w Regulaminie Serwisu Internetowego dost\u0119pnym na stronach Serwisu Internetowego.&nbsp;<\/p><h2 class=\"wp-block-heading\"><strong>2. PODSTAWY PRZETWARZANIA DANYCH&nbsp;<\/strong><\/h2><p><strong>2.1. <\/strong>Administrator uprawniony jest do przetwarzania danych osobowych w przypadkach, gdy \u2013 i w takim zakresie, w jakim \u2013 spe\u0142niony jest co najmniej jeden z poni\u017cszych warunk\u00f3w: (1) osoba, kt\u00f3rej dane dotycz\u0105 wyrazi\u0142a zgod\u0119 na przetwarzanie swoich danych osobowych w jednym lub wi\u0119kszej liczbie okre\u015blonych cel\u00f3w; (2) przetwarzanie jest niezb\u0119dne do wykonania umowy, kt\u00f3rej stron\u0105 jest osoba, kt\u00f3rej dane dotycz\u0105, lub do podj\u0119cia dzia\u0142a\u0144 na \u017c\u0105danie osoby, kt\u00f3rej dane dotycz\u0105, przed zawarciem umowy; (3) przetwarzanie jest niezb\u0119dne do wype\u0142nienia obowi\u0105zku prawnego ci\u0105\u017c\u0105cego na Administratorze; lub (4) przetwarzanie jest niezb\u0119dne do cel\u00f3w wynikaj\u0105cych z prawnie uzasadnionych interes\u00f3w realizowanych przez Administratora lub przez stron\u0119 trzeci\u0105, z wyj\u0105tkiem sytuacji, w kt\u00f3rych nadrz\u0119dny charakter wobec tych interes\u00f3w maj\u0105 interesy lub podstawowe prawa i wolno\u015bci osoby, kt\u00f3rej dane dotycz\u0105, wymagaj\u0105ce ochrony danych osobowych, w szczeg\u00f3lno\u015bci gdy osoba, kt\u00f3rej dane dotycz\u0105, jest dzieckiem.&nbsp;<\/p><p><strong>2.2. <\/strong>Przetwarzanie danych osobowych przez Administratora wymaga ka\u017cdorazowo zaistnienia co najmniej jednej z podstaw wskazanych w pkt. 2.1 polityki prywatno\u015bci. Konkretne podstawy przetwarzania danych osobowych Us\u0142ugobiorc\u00f3w i Klient\u00f3w Serwisu Internetowego przez Administratora s\u0105 wskazane w kolejnym punkcie polityki prywatno\u015bci \u2013 w odniesieniu do danego celu przetwarzania danych osobowych przez Administratora.&nbsp;<\/p><h2 class=\"wp-block-heading\"><strong>3. CEL, PODSTAWA I OKRES PRZETWARZANIA DANYCH W SERWISIE INTERNETOWYM&nbsp;<\/strong><\/h2><p><strong>3.1. <\/strong>Ka\u017cdorazowo cel, podstawa i okres oraz odbiorcy danych osobowych przetwarzanych przez Administratora wynika z dzia\u0142a\u0144 podejmowanych przez danego Us\u0142ugobiorc\u0119 lub Klienta w Serwisie Internetowym lub przez Administratora.\u00a0<br><br><strong>3.2. <\/strong>Administrator mo\u017ce przetwarza\u0107 dane osobowe w ramach Serwisu Internetowego w nast\u0119puj\u0105cych celach, na podstawach oraz w okresach wskazanych w poni\u017cszej tabeli:<\/p><figure class=\"wp-block-table\"><table class=\"has-fixed-layout\"><tbody><tr><td> <strong>Cel przetwarzania danych\u00a0<\/strong><\/td><td><strong>Podstawa prawna przetwarzania danych&nbsp;<\/strong><\/td><td><strong>Okres przechowywania danych&nbsp;<\/strong><\/td><\/tr><tr><td>Zawarcie i wykonanie Umowy lub \u015bwiadczenie Us\u0142ugi Elektronicznej albo podj\u0119cie dzia\u0142a\u0144 na \u017c\u0105danie osoby, kt\u00f3rej dane dotycz\u0105, przed zawarciem Umowy lub skorzystaniem z Us\u0142ugi Elektronicznej&nbsp;<\/td><td>Artyku\u0142 6 ust. 1 lit. b) Rozporz\u0105dzenia RODO (wykonanie umowy) \u2013 przetwarzanie jest niezb\u0119dne do wykonania umowy, kt\u00f3rej stron\u0105 jest osoba, kt\u00f3rej dane dotycz\u0105, lub do podj\u0119cia dzia\u0142a\u0144 na \u017c\u0105danie osoby, kt\u00f3rej dane dotycz\u0105, przed zawarciem umowy&nbsp;<\/td><td>Dane s\u0105 przechowywane przez okres niezb\u0119dny do wykonania, rozwi\u0105zania lub wyga\u015bni\u0119cia w inny spos\u00f3b zawartej Umowy lub do czasu zako\u0144czenia \u015bwiadczenia Us\u0142ugi Elektronicznej na rzecz osoby, kt\u00f3rej dane dotycz\u0105, z kt\u00f3r\u0105 ta umowa zosta\u0142a zawarta.&nbsp;<\/td><\/tr><tr><td>Wykonanie Us\u0142ugi Elektronicznej Galerii Zdj\u0119\u0107 na rzecz osoby trzeciej nieb\u0119d\u0105cej stron\u0105 Umowy z Administratorem \u2013 to jest dla Uczestnika Sesji Zdj\u0119ciowej&nbsp;<\/td><td>Artyku\u0142 6 ust. 1 lit. f) Rozporz\u0105dzenia RODO (prawnie uzasadniony interes administratora) \u2013 osoba, kt\u00f3rej dane dotycz\u0105, jest Uczestnikiem Sesji Zdj\u0119ciowej, przy czym przetwarzanie jej danych odbywa si\u0119 na podstawie Umowy na przeprowadzenie Sesji Zdj\u0119ciowej zawartej w tym zakresie przez Klienta z Administratorem \u2013 to jest w szczeg\u00f3lno\u015bci po to, aby umo\u017cliwi\u0107 tej osobie przegl\u0105danie, wyb\u00f3r i ewentualne z\u0142o\u017cenie Zam\u00f3wienia na fotografie w Galerii Zdj\u0119\u0107&nbsp;<\/td><td>Dane s\u0105 przechowywane przez okres istnienia prawnie uzasadnionego interesu realizowanego przez Administratora, to jest przez okres niezb\u0119dny do wykonania, rozwi\u0105zania lub wyga\u015bni\u0119cia w inny spos\u00f3b Umowy zawartej przez Administratora z Klientem, okre\u015blaj\u0105cej czas udost\u0119pniania Galerii Zdj\u0119\u0107 po przeprowadzonej Sesji Zdj\u0119ciowej.&nbsp; Administrator nie mo\u017ce przetwarza\u0107 danych w opisanym celu w przypadku wyra\u017cenia skutecznego sprzeciwu w tym zakresie przez osob\u0119, kt\u00f3rej dane dotycz\u0105.&nbsp;<\/td><\/tr><tr><td>Przesy\u0142anie informacji handlowej, w tym marketing bezpo\u015bredni, przy u\u017cyciu telekomunikacyjnych&nbsp;<\/td><td>Artyku\u0142 6 ust. 1 lit. f) Rozporz\u0105dzenia RODO (prawnie uzasadniony interes administratora) \u2013 przetwarzanie jest&nbsp;<\/td><td>Dane s\u0105 przechowywane przez okres istnienia prawnie uzasadnionego interesu realizowanego przez&nbsp;<\/td><\/tr><\/tbody><\/table><\/figure><figure class=\"wp-block-table\"><table class=\"has-fixed-layout\"><tbody><tr><td>urz\u0105dze\u0144 ko\u0144cowych (np. e-mail, telefon) lub automatycznych system\u00f3w wywo\u0142uj\u0105cych&nbsp;<\/td><td>niezb\u0119dne do cel\u00f3w wynikaj\u0105cych z prawnie uzasadnionych interes\u00f3w Administratora, do jakich nale\u017cy marketing bezpo\u015bredni \u2013 polegaj\u0105cy na dbaniu o interesy i dobry wizerunek Administratora, jego Serwisu Internetowego oraz d\u0105\u017ceniu do sprzeda\u017cy Us\u0142ug \/ Produkt\u00f3w \u2013 na przyk\u0142ad w zwi\u0105zku z wyra\u017ceniem uprzedniej zgody przez osob\u0119, kt\u00f3rej dane dotycz\u0105 (np. podczas zapisu na newsletter), na przesy\u0142anie informacji handlowej przy u\u017cyciu telekomunikacyjnych urz\u0105dze\u0144 ko\u0144cowych, takich jak e-mail lub telefon, w zale\u017cno\u015bci od zakresu udzielonej zgody&nbsp;<\/td><td>Administratora, nie d\u0142u\u017cej jednak ni\u017c przez okres przedawnienia roszcze\u0144 Administratora w stosunku do osoby, kt\u00f3rej dane dotycz\u0105, z tytu\u0142u prowadzonej przez Administratora dzia\u0142alno\u015bci gospodarczej. Okres przedawnienia okre\u015blaj\u0105 przepisy prawa, w szczeg\u00f3lno\u015bci Kodeksu Cywilnego (podstawowy termin przedawnienia dla roszcze\u0144 zwi\u0105zanych z prowadzeniem dzia\u0142alno\u015bci gospodarczej wynosi trzy lata, a dla Umowy Sprzeda\u017cy dwa lata).&nbsp; Administrator nie mo\u017ce przetwarza\u0107 danych w celu marketingu bezpo\u015bredniego w przypadku wyra\u017cenia skutecznego sprzeciwu w tym zakresie przez osob\u0119, kt\u00f3rej dane dotycz\u0105.&nbsp; Dodatkowo w przypadku gdy podstaw\u0105 przetwarzania jest wyra\u017cona zgoda, dane przechowywane s\u0105 do momentu wycofania zgody przez osob\u0119, kt\u00f3rej dane dotycz\u0105 na dalsze przetwarzanie jej danych w okre\u015blonym w tej zgodzie celu, lecz bez wp\u0142ywu na zgodno\u015b\u0107 z prawem przetwarzania, kt\u00f3rego dokonano na podstawie zgody przed jej wycofaniem.&nbsp;<\/td><\/tr><tr><td>Prowadzenie ksi\u0105g podatkowych lub rachunkowych&nbsp;<\/td><td>Artyku\u0142 6 ust. 1 lit. c) Rozporz\u0105dzenia RODO w zw. z art. 86 \u00a7 1 Ordynacji podatkowej tj. z dnia 17 stycznia 2017 r. (Dz.U. z 2017 r. poz. 201 ze zm.) lub art. 74 ust. 2 ustawy o rachunkowo\u015bci tj. z dnia 30 stycznia 2018 r. (Dz.U. z 2018 r. poz. 395 ze zm.) \u2013 przetwarzanie jest niezb\u0119dne do wype\u0142nienia obowi\u0105zku prawnego ci\u0105\u017c\u0105cego na Administratorze&nbsp;<\/td><td>Dane s\u0105 przechowywane przez okres wymagany przepisami prawa nakazuj\u0105cymi Administratorowi przechowywanie ksi\u0105g podatkowych (do czasu up\u0142ywu okresu przedawnienia zobowi\u0105zania podatkowego, chyba \u017ce ustawy podatkowe stanowi\u0105 inaczej) lub rachunkowych (5 lat, licz\u0105c od pocz\u0105tku roku nast\u0119puj\u0105cego po roku obrotowym, kt\u00f3rego dane dotycz\u0105).&nbsp;<\/td><\/tr><tr><td>Ustalenie, dochodzenie lub obrona roszcze\u0144 jakie mo\u017ce podnosi\u0107 Administrator lub jakie mog\u0105 by\u0107 podnoszone wobec Administratora&nbsp;<\/td><td>Artyku\u0142 6 ust. 1 lit. f) Rozporz\u0105dzenia RODO (prawnie uzasadniony interes administratora) \u2013 przetwarzanie jest niezb\u0119dne do cel\u00f3w wynikaj\u0105cych z prawnie uzasadnionych interes\u00f3w Administratora \u2013 polegaj\u0105cych na ustaleniu, dochodzeniu lub obronie roszcze\u0144, jakie mo\u017ce podnosi\u0107 Administrator lub jakie mog\u0105 by\u0107 podnoszone wobec Administratora&nbsp;<\/td><td>Dane s\u0105 przechowywane przez okres istnienia prawnie uzasadnionego interesu realizowanego przez Administratora, nie d\u0142u\u017cej jednak ni\u017c przez okres przedawnienia roszcze\u0144 jakie mog\u0105 by\u0107 podnoszone wobec Administratora (podstawowy termin przedawnienia dla roszcze\u0144 wobec Administratora wynosi sze\u015b\u0107 lat).&nbsp;<\/td><\/tr><tr><td>Korzystanie ze strony Serwisu Internetowego i zapewnienie jej prawid\u0142owego dzia\u0142ania&nbsp;<\/td><td>Artyku\u0142 6 ust. 1 lit. f) Rozporz\u0105dzenia RODO (prawnie uzasadniony interes administratora) \u2013 przetwarzanie jest niezb\u0119dne do cel\u00f3w wynikaj\u0105cych z prawnie uzasadnionych interes\u00f3w Administratora \u2013 polegaj\u0105cych na prowadzeniu i utrzymaniu strony Serwisu Internetowego&nbsp;<\/td><td>Dane s\u0105 przechowywane przez okres istnienia prawnie uzasadnionego interesu realizowanego przez Administratora, nie d\u0142u\u017cej jednak ni\u017c przez okres przedawnienia roszcze\u0144 Administratora w stosunku do osoby, kt\u00f3rej dane dotycz\u0105, z tytu\u0142u prowadzonej przez Administratora dzia\u0142alno\u015bci gospodarczej. Okres przedawnienia okre\u015blaj\u0105 przepisy prawa, w szczeg\u00f3lno\u015bci Kodeksu Cywilnego (podstawowy termin przedawnienia dla roszcze\u0144 zwi\u0105zanych z prowadzeniem dzia\u0142alno\u015bci gospodarczej wynosi trzy&nbsp;lata)<\/td><\/tr><\/tbody><\/table><\/figure><figure class=\"wp-block-table\"><table class=\"has-fixed-layout\"><tbody><tr><td>Prowadzenie statystyk i analiza ruchu w Serwisie Internetowym&nbsp;<\/td><td>Artyku\u0142 6 ust. 1 lit. f) Rozporz\u0105dzenia RODO (prawnie uzasadniony interes administratora) \u2013 przetwarzanie jest niezb\u0119dne do cel\u00f3w wynikaj\u0105cych z prawnie uzasadnionych interes\u00f3w Administratora \u2013 polegaj\u0105cych na prowadzeniu statystyk i analizie ruchu w Serwisie Internetowym celem poprawy funkcjonowania Serwisu Internetowego i zwi\u0119kszenia liczby Rezerwacji i sprzeda\u017cy Kupon\u00f3w Prezentowych&nbsp;<\/td><td>Dane s\u0105 przechowywane przez okres istnienia prawnie uzasadnionego interesu realizowanego przez Administratora, nie d\u0142u\u017cej jednak ni\u017c przez okres przedawnienia roszcze\u0144 Administratora w stosunku do osoby, kt\u00f3rej dane dotycz\u0105, z tytu\u0142u prowadzonej przez Administratora dzia\u0142alno\u015bci gospodarczej. Okres przedawnienia okre\u015blaj\u0105 przepisy prawa, w szczeg\u00f3lno\u015bci Kodeksu Cywilnego (podstawowy termin przedawnienia dla roszcze\u0144 zwi\u0105zanych z prowadzeniem dzia\u0142alno\u015bci gospodarczej wynosi trzy lata&nbsp;<\/td><\/tr><\/tbody><\/table><\/figure><h2 class=\"wp-block-heading\"><strong>4. ODBIORCY DANYCH W SERWISIE INTERNETOWYM&nbsp;<\/strong><\/h2><p><strong>4.1. <\/strong>Dla prawid\u0142owego funkcjonowania Serwisu Internetowego, w tym dla realizacji Rezerwacji, Zam\u00f3wie\u0144 i zawieranych Um\u00f3w, konieczne jest korzystanie przez Administratora z us\u0142ug podmiot\u00f3w zewn\u0119trznych (takich jak np. dostawca oprogramowania czy podmiot obs\u0142uguj\u0105cy p\u0142atno\u015bci). Administrator korzysta wy\u0142\u0105cznie z us\u0142ug takich podmiot\u00f3w przetwarzaj\u0105cych, kt\u00f3rzy zapewniaj\u0105 wystarczaj\u0105ce gwarancje wdro\u017cenia odpowiednich \u015brodk\u00f3w technicznych i organizacyjnych, tak by przetwarzanie spe\u0142nia\u0142o wymogi Rozporz\u0105dzenia RODO i chroni\u0142o prawa os\u00f3b, kt\u00f3rych dane dotycz\u0105.&nbsp;<\/p><p><strong>4.2. <\/strong>Dane osobowe mog\u0105 by\u0107 przekazywane przez Administratora do pa\u0144stwa trzeciego, przy czym Administrator zapewnia, \u017ce w takim przypadku odbywa\u0107 si\u0119 to b\u0119dzie w stosunku do pa\u0144stwa zapewniaj\u0105cego odpowiedni stopie\u0144 ochrony \u2013 zgodny z Rozporz\u0105dzeniem RODO, a w przypadku innych pa\u0144stw, \u017ce przekazanie odbywa\u0107 si\u0119 b\u0119dzie na podstawie standardowych klauzul ochrony danych. Administrator zapewnia, \u017ce osoba, kt\u00f3rej dane dotycz\u0105 ma mo\u017cliwo\u015b\u0107 uzyskania kopii swoich danych. Administrator przekazuje zebrane dane osobowe jedynie w przypadku oraz w zakresie niezb\u0119dnym do zrealizowania danego celu przetwarzania danych zgodnego z niniejsz\u0105 polityk\u0105 prywatno\u015bci.&nbsp;<\/p><p><strong>4.3. <\/strong>Przekazanie danych przez Administratora nie nast\u0119puje w ka\u017cdym wypadku i nie do wszystkich wskazanych w polityce prywatno\u015bci odbiorc\u00f3w lub kategorii odbiorc\u00f3w \u2013 Administrator przekazuje dane wy\u0142\u0105cznie wtedy, gdy jest to niezb\u0119dne do realizacji danego celu przetwarzania danych osobowych i tylko w zakresie niezb\u0119dnym do jego zrealizowania.&nbsp;<\/p><p><strong>4.4. <\/strong>Dane osobowe Us\u0142ugobiorc\u00f3w i Klient\u00f3w Serwisu Internetowego mog\u0105 by\u0107 przekazywane nast\u0119puj\u0105cym odbiorcom lub kategoriom odbiorc\u00f3w:&nbsp;<\/p><p>4.4.1. <strong>podmioty obs\u0142uguj\u0105ce p\u0142atno\u015bci elektroniczne lub kart\u0105 p\u0142atnicz\u0105 <\/strong>\u2013 w przypadku Klienta, kt\u00f3ry korzysta w Serwisie Internetowym ze sposobu p\u0142atno\u015bci elektronicznych lub kart\u0105 p\u0142atnicz\u0105, Administrator udost\u0119pnia zebrane dane osobowe Klienta wybranemu podmiotowi obs\u0142uguj\u0105cemu powy\u017csze p\u0142atno\u015bci w Serwisie Internetowym na zlecenie Administratora w zakresie niezb\u0119dnym do obs\u0142ugi p\u0142atno\u015bci realizowanej przez Klienta.&nbsp;<\/p><p>4.4.2. <strong>dostawcy us\u0142ug zaopatruj\u0105cy Administratora w rozwi\u0105zania techniczne, informatyczne oraz organizacyjne, umo\u017cliwiaj\u0105ce Administratorowi prowadzenie dzia\u0142alno\u015bci gospodarczej, w tym Serwisu Internetowego i \u015bwiadczonych za jego po\u015brednictwem Us\u0142ug Elektronicznych <\/strong>(w szczeg\u00f3lno\u015bci dostawcy oprogramowania komputerowego do prowadzenia Serwisu Internetowego, dostawcy poczty elektronicznej i hostingu oraz dostawcy oprogramowania do zarz\u0105dzania firm\u0105 i udzielania pomocy technicznej Administratorowi) \u2013 Administrator udost\u0119pnia zebrane dane osobowe Klienta wybranemu dostawcy dzia\u0142aj\u0105cemu na jego zlecenie jedynie w przypadku oraz w zakresie niezb\u0119dnym do zrealizowania danego celu przetwarzania danych zgodnego z niniejsz\u0105 polityk\u0105 prywatno\u015bci.&nbsp;<\/p><p>4.4.3. <strong>dostawcy us\u0142ug ksi\u0119gowych, prawnych i doradczych zapewniaj\u0105cy Administratorowi wsparcie ksi\u0119gowe, prawne lub doradcze <\/strong>(w szczeg\u00f3lno\u015bci biuro ksi\u0119gowe, kancelaria prawna lub firma windykacyjna) \u2013 Administrator udost\u0119pnia zebrane dane osobowe Klienta wybranemu dostawcy dzia\u0142aj\u0105cemu na jego zlecenie jedynie w przypadku oraz w zakresie niezb\u0119dnym do zrealizowania danego celu przetwarzania danych zgodnego z niniejsz\u0105 polityk\u0105 prywatno\u015bci.&nbsp;<\/p><h2 class=\"wp-block-heading\"><strong>5. PROFILOWANIE W SERWISIE INTERNETOWYM&nbsp;<\/strong><\/h2><p><strong>5.1. <\/strong>Rozporz\u0105dzenie RODO nak\u0142ada na Administratora obowi\u0105zek informowania o zautomatyzowanym podejmowaniu decyzji, w tym o profilowaniu, o kt\u00f3rym mowa w art. 22 ust. 1 i 4 Rozporz\u0105dzenia RODO, oraz \u2013 przynajmniej w tych przypadkach \u2013 istotne informacje o zasadach ich podejmowania, a tak\u017ce o znaczeniu i przewidywanych konsekwencjach takiego przetwarzania dla osoby, kt\u00f3rej dane dotycz\u0105. Maj\u0105c to na uwadze, Administrator podaje w tym punkcie polityki prywatno\u015bci informacje dotycz\u0105ce mo\u017cliwego profilowania.&nbsp;<\/p><p><strong>5.2. <\/strong>Administrator mo\u017ce korzysta\u0107 w Serwisie Internetowym z profilowania do cel\u00f3w marketingu bezpo\u015bredniego, ale decyzje podejmowane na jego podstawie przez Administratora nie dotycz\u0105 zawarcia lub odmowy zawarcia Umowy czy te\u017c mo\u017cliwo\u015bci korzystania z Us\u0142ug Elektronicznych w Serwisie Internetowym. Efektem korzystania z profilowania w Serwisie Internetowym mo\u017ce by\u0107 np. przyznanie danej osobie rabatu, przes\u0142anie jej kodu rabatowego, przypomnienie o niedoko\u0144czonych zakupach, przes\u0142anie propozycji Us\u0142ugi lub Produktu, kt\u00f3ry mo\u017ce odpowiada\u0107 zainteresowaniom lub preferencjom danej osoby lub te\u017c zaproponowanie lepszych warunk\u00f3w w por\u00f3wnaniu do standardowej oferty Serwisu Internetowego. Mimo profilowania to dana osoba podejmuje swobodnie decyzj\u0119, czy b\u0119dzie chcia\u0142a skorzysta\u0107 z otrzymanego w ten spos\u00f3b rabatu, czy te\u017c lepszych warunk\u00f3w i dokona\u0107 zakupu w Serwisie Internetowym.&nbsp;<\/p><p><strong>5.3. <\/strong>Profilowanie w Serwisie Internetowym polega na automatycznej analizie lub prognozie zachowania danej osoby na stronie Serwisu Internetowego np. poprzez Rezerwacj\u0119 konkretnej Us\u0142ugi lub dodanie Produktu do elektronicznego koszyka, przegl\u0105danie strony konkretnej Us\u0142ugi \/ Produktu w Serwisie Internetowym czy te\u017c poprzez analiz\u0119 dotychczasowej historii dokonanych zakup\u00f3w w Serwisie Internetowym. Warunkiem takiego profilowania jest posiadanie przez Administratora danych osobowych danej osoby, aby m\u00f3c jej nast\u0119pnie przes\u0142a\u0107 np. ofert\u0119 lub kod rabatowy.&nbsp;<\/p><p><strong>5.4. <\/strong>Osoba, kt\u00f3rej dane dotycz\u0105, ma prawo do tego, by nie podlega\u0107 decyzji, kt\u00f3ra opiera si\u0119 wy\u0142\u0105cznie na zautomatyzowanym przetwarzaniu, w tym profilowaniu, i wywo\u0142uje wobec tej osoby skutki prawne lub w podobny spos\u00f3b istotnie na ni\u0105 wp\u0142ywa.&nbsp;<\/p><h2 class=\"wp-block-heading\"><strong>6. PRAWA OSOBY, KT\u00d3REJ DANE DOTYCZ\u0104&nbsp;<\/strong><\/h2><p><strong>6.1. Prawo dost\u0119pu, sprostowania, ograniczenia, usuni\u0119cia lub przenoszenia <\/strong>\u2013 osoba, kt\u00f3rej dane dotycz\u0105, ma prawo \u017c\u0105dania od Administratora dost\u0119pu do swoich danych osobowych, ich sprostowania, usuni\u0119cia (\u201eprawo do bycia zapomnianym\u201d) lub ograniczenia przetwarzania oraz ma prawo do wniesienia sprzeciwu wobec przetwarzania, a tak\u017ce ma prawo do przenoszenia swoich danych. Szczeg\u00f3\u0142owe warunki wykonywania wskazanych wy\u017cej praw wskazane s\u0105 w art. 15-21 Rozporz\u0105dzenia RODO.&nbsp;<\/p><p><strong>6.2. Prawo do cofni\u0119cia zgody w dowolnym momencie <\/strong>\u2013 osoba, kt\u00f3rej dane przetwarzane s\u0105 przez Administratora na podstawie wyra\u017conej zgody (na podstawie art. 6 ust. 1 lit. a) lub art. 9 ust. 2 lit. a) Rozporz\u0105dzenia RODO), ma prawo do cofni\u0119cia zgody w dowolnym momencie bez wp\u0142ywu na zgodno\u015b\u0107 z prawem przetwarzania, kt\u00f3rego dokonano na podstawie zgody przed jej cofni\u0119ciem.&nbsp;<\/p><p><strong>6.3. Prawo wniesienia skargi do organu nadzorczego <\/strong>\u2013 osoba, kt\u00f3rej dane przetwarzane s\u0105 przez Administratora, ma prawo wniesienia skargi do organu nadzorczego w spos\u00f3b i trybie okre\u015blonym w przepisach Rozporz\u0105dzenia RODO oraz prawa polskiego, w szczeg\u00f3lno\u015bci ustawy o ochronie danych osobowych. Organem nadzorczym w Polsce jest Prezes Urz\u0119du Ochrony Danych Osobowych.&nbsp;<\/p><p><strong>6.4. Prawo do sprzeciwu <\/strong>\u2013 osoba, kt\u00f3rej dane dotycz\u0105, ma prawo w dowolnym momencie wnie\u015b\u0107 sprzeciw \u2013 z przyczyn zwi\u0105zanych z jej szczeg\u00f3ln\u0105 sytuacj\u0105 \u2013 wobec przetwarzania dotycz\u0105cych jej danych osobowych opartego na art. 6 ust. 1 lit. e) (interes lub zadania publiczne) lub f) (prawnie uzasadniony interes administratora), w tym profilowania na podstawie tych przepis\u00f3w. Administratorowi w takim przypadku nie wolno ju\u017c przetwarza\u0107 tych danych osobowych, chyba \u017ce wyka\u017ce on istnienie wa\u017cnych prawnie uzasadnionych podstaw do przetwarzania, nadrz\u0119dnych wobec interes\u00f3w, praw i wolno\u015bci osoby, kt\u00f3rej dane dotycz\u0105, lub podstaw do ustalenia, dochodzenia lub obrony roszcze\u0144.&nbsp;<\/p><p><strong>6.5. Prawo do sprzeciwu dot. marketingu bezpo\u015bredniego <\/strong>\u2013 je\u017celi dane osobowe s\u0105 przetwarzane na potrzeby marketingu bezpo\u015bredniego, osoba, kt\u00f3rej dane dotycz\u0105, ma prawo w dowolnym momencie wnie\u015b\u0107 sprzeciw wobec przetwarzania dotycz\u0105cych jej danych osobowych na potrzeby takiego marketingu, w tym profilowania, w zakresie, w jakim przetwarzanie jest zwi\u0105zane z takim marketingiem bezpo\u015brednim.&nbsp;<\/p><p><strong>6.6. <\/strong>W celu realizacji uprawnie\u0144, o kt\u00f3rych mowa w niniejszym punkcie polityki prywatno\u015bci, mo\u017cna kontaktowa\u0107 si\u0119 z Administratorem poprzez przes\u0142anie stosownej wiadomo\u015bci pisemnie lub poczt\u0105 elektroniczn\u0105 na adres Administratora wskazany na wst\u0119pie polityki prywatno\u015bci.&nbsp;<\/p><h2 class=\"wp-block-heading\"><strong>7. COOKIES W SERWISIE INTERNETOWYM I ANALITYKA&nbsp;<\/strong><\/h2><p><strong>7.1. <\/strong>Pliki Cookies (ciasteczka) s\u0105 to niewielkie informacje tekstowe w postaci plik\u00f3w tekstowych, wysy\u0142ane przez serwer i zapisywane po stronie osoby odwiedzaj\u0105cej stron\u0119 Serwisu Internetowego (np. na dysku twardym komputera, laptopa, czy te\u017c na karcie pami\u0119ci smartfonu \u2013 w zale\u017cno\u015bci z jakiego urz\u0105dzenia korzysta odwiedzaj\u0105cy nasz Serwis Internetowy). Szczeg\u00f3\u0142owe informacje dot. plik\u00f3w Cookies, a tak\u017ce histori\u0119 ich powstania mo\u017cna znale\u017a\u0107 m. in. tutaj: https:\/\/pl.wikipedia.org\/wiki\/HTTP_cookie.&nbsp;<\/p><p><strong>7.2. <\/strong>Pliki Cookies, kt\u00f3re mog\u0105 by\u0107 wysy\u0142ane przez stron\u0119 Serwisu internetowego mo\u017cna podzieli\u0107 na r\u00f3\u017cne rodzaje, wed\u0142ug nast\u0119puj\u0105cych kryteri\u00f3w:&nbsp;<\/p><figure class=\"wp-block-table\"><table class=\"has-fixed-layout\"><tbody><tr><td><strong>Ze wzgl\u0119du na ich dostawc\u0119:\u00a0<\/strong><\/td><td><strong>Ze wzgl\u0119du na ich okres przechowywania na urz\u0105dzeniu osoby odwiedzaj\u0105cej stron\u0119 Serwisu Internetowego<\/strong>:\u00a0 <br><\/td><td><strong>Ze wzgl\u0119du na cel ich stosowania:\u00a0<\/strong> <\/td><\/tr><\/tbody><\/table><\/figure><figure class=\"wp-block-table\"><table class=\"has-fixed-layout\"><tbody><tr><td><br>1) w\u0142asne (tworzone przez stron\u0119 Serwisu Internetowego Administratora) oraz\u00a0<br><br><strong>2) <\/strong>nale\u017c\u0105ce do os\u00f3b\/podmiot\u00f3w trzecich (innych ni\u017c Administrator)\u00a0<br><\/td><td><br>1) sesyjne (przechowywane do\u00a0czasu wylogowania ze strony Serwisu Internetowego, opuszczenia strony albo wy\u0142\u0105czenia przegl\u0105darki internetowej) oraz\u00a0 <br><br><strong>2) <\/strong>sta\u0142e (przechowywane przez okre\u015blony czas, zdefiniowany przez parametry ka\u017cdego pliku lub do czasu r\u0119cznego usuni\u0119cia)\u00a0<br><\/td><td>1) niezb\u0119dne (umo\u017cliwiaj\u0105ce prawid\u0142owe funkcjonowanie strony<br><br>2) funkcjonalne\/preferencyjne (umo\u017cliwiaj\u0105ce dostosowanie strony Serwisu Internetowego do preferencji osoby odwiedzaj\u0105cej stron\u0119),\u00a0<br><br> 3) analityczne i wydajno\u015bciowe (gromadz\u0105ce informacje o sposobie korzystania ze strony Serwisu Internetowego),\u00a0 <br><br>4)  marketingowe, reklamowe i spo\u0142eczno\u015bciowe (zbieraj\u0105ce informacje o osobie odwiedzaj\u0105cej stron\u0119 Serwisu Internetowego w celu wy\u015bwietlania tej osobie reklam, ich personalizacji, mierzeniu skuteczno\u015bci i prowadzenia innych dzia\u0142a\u0144 marketingowych w tym r\u00f3wnie\u017c na stronach internetowych odr\u0119bnych od strony Serwisu Internetowego, takich jak portale spo\u0142eczno\u015bciowe albo inne strony nale\u017c\u0105ce do tych samych sieci reklamowych co Serwis Internetowy)\u00a0<br><\/td><\/tr><\/tbody><\/table><\/figure><p><strong>7.3. <\/strong>Administrator mo\u017ce przetwarza\u0107 dane zawarte w plikach Cookies podczas korzystania przez odwiedzaj\u0105cych ze strony Serwisu Internetowego w nast\u0119puj\u0105cych konkretnych celach:&nbsp;<\/p><div class=\"wp-block-columns is-layout-flex wp-container-core-columns-is-layout-1 wp-block-columns-is-layout-flex\"><div class=\"wp-block-column is-vertically-aligned-top is-layout-flow wp-block-column-is-layout-flow\" style=\"flex-basis:100%\"><figure class=\"wp-block-table\"><table class=\"has-fixed-layout\"><tbody><tr><td><strong>Cele stosowanie plik\u00f3w Cookies w Serwisie Internetowym Administratora&nbsp;<\/strong><\/td><\/tr><tr><td>zapami\u0119tywania wybranych Us\u0142ug lub Produkt\u00f3w dodanych do koszyka w celu z\u0142o\u017cenia Rezerwacji lub Zam\u00f3wienia (pliki Cookies niezb\u0119dne)&nbsp;<\/td><\/tr><tr><td>identyfikacji Us\u0142ugobiorc\u00f3w jako zalogowanych do Konta w Serwisie Internetowym (pliki Cookies niezb\u0119dne)&nbsp;<\/td><\/tr><tr><td>zapami\u0119tywania danych logowania albo danych z wype\u0142nianych formularzy lub ankiet (pliki Cookies niezb\u0119dne lub\/i funkcjonalne\/preferencyjne)&nbsp;<\/td><\/tr><tr><td>dostosowywania zawarto\u015bci strony Serwisu Internetowego do indywidualnych preferencji Us\u0142ugobiorcy (np. dotycz\u0105cych kolor\u00f3w, rozmiaru czcionki, uk\u0142adu strony) oraz optymalizacji korzystania ze stron Serwisu Internetowego (pliki Cookies funkcjonalne\/preferencyjne)&nbsp;<\/td><\/tr><tr><td>prowadzenia anonimowych statystyk przedstawiaj\u0105cych spos\u00f3b korzystania ze strony Serwisu Internetowego (pliki Cookies analityczne i wydajno\u015bciowe)&nbsp;<\/td><\/tr><tr><td>wy\u015bwietlania i renderowania reklam, ograniczania liczby wy\u015bwietle\u0144 reklam oraz ignorowania reklam, kt\u00f3rych Us\u0142ugobiorca nie chce ogl\u0105da\u0107, mierzenia skuteczno\u015bci reklam, a tak\u017ce personalizacji reklam, to jest badania cech zachowania os\u00f3b odwiedzaj\u0105cych Serwis Internetowy poprzez anonimow\u0105 analiz\u0119 ich dzia\u0142a\u0144 (np. powtarzaj\u0105ce si\u0119 wizyty na okre\u015blonych stronach, s\u0142owa kluczowe itp.) w celu stworzenia ich profilu i dostarczenia im reklam dopasowanych do ich przewidywanych zainteresowa\u0144, tak\u017ce wtedy kiedy odwiedzaj\u0105 oni inne strony internetowe w sieci reklamowej firmy Google Ireland Ltd. oraz Facebooka i Instagrama, tj. Meta Platforms Ireland Ltd. (pliki Cookies marketingowe, reklamowe i spo\u0142eczno\u015bciowe)&nbsp;<\/td><\/tr><\/tbody><\/table><\/figure><\/div><\/div><p><strong>7.4. <\/strong>Sprawdzenie, jakie pliki Cookies s\u0105 wysy\u0142ane w danej chwili przez stron\u0119 Serwisu Internetowego, jest mo\u017cliwe, niezale\u017cnie od przegl\u0105darki internetowej, za pomoc\u0105 narz\u0119dzi dost\u0119pnych np. na stronie: https:\/\/www.cookiemetrix.com lub https:\/\/www.cookie-checker.com.&nbsp;<\/p><p><strong>7.5. <\/strong>Standardowo wi\u0119kszo\u015b\u0107 przegl\u0105darek internetowych dost\u0119pnych na rynku domy\u015blnie akceptuje zapisywanie plik\u00f3w Cookies. Ka\u017cdy ma mo\u017cliwo\u015b\u0107 okre\u015blenia warunk\u00f3w korzystania z plik\u00f3w Cookies za pomoc\u0105 ustawie\u0144 w\u0142asnej przegl\u0105darki internetowej. Oznacza to, \u017ce mo\u017cna np. cz\u0119\u015bciowo ograniczy\u0107 (np. czasowo) lub ca\u0142kowicie wy\u0142\u0105czy\u0107 mo\u017cliwo\u015b\u0107 zapisywania plik\u00f3w Cookies \u2013 w tym ostatnim wypadku jednak mo\u017ce to mie\u0107 wp\u0142yw na niekt\u00f3re funkcjonalno\u015bci Serwisu Internetowego.&nbsp;<\/p><p><strong>7.6. <\/strong>Ustawienia przegl\u0105darki internetowej w zakresie plik\u00f3w Cookies s\u0105 istotne z punktu widzenia zgody na korzystanie z plik\u00f3w Cookies przez nasz Serwis Internetowy \u2013 zgodnie z przepisami taka zgoda mo\u017ce by\u0107 r\u00f3wnie\u017c wyra\u017cona poprzez ustawienia przegl\u0105darki internetowej. Szczeg\u00f3\u0142owe informacje na temat zmiany ustawie\u0144 dotycz\u0105cych plik\u00f3w Cookies oraz ich samodzielnego usuwania w najpopularniejszych przegl\u0105darkach internetowych dost\u0119pne s\u0105 w dziale pomocy przegl\u0105darki internetowej oraz na poni\u017cszych stronach (wystarczy klikn\u0105\u0107 w dany link):&nbsp;<\/p><p>w przegl\u0105darce Chrome&nbsp;<\/p><p>w przegl\u0105darce Firefox&nbsp;<\/p><p>w przegl\u0105darce Internet Explorer&nbsp;<\/p><p>w przegl\u0105darce Opera&nbsp;<\/p><p>w przegl\u0105darce Safari&nbsp;<\/p><p>w przegl\u0105darce Microsoft Edge&nbsp;<\/p><p><strong>7.7. <\/strong>Administrator mo\u017ce korzysta\u0107 w Serwisie Internetowym z us\u0142ug Google Analytics, Universal Analytics dostarczanych przez firm\u0119 Google Ireland Limited (Gordon House, Barrow Street, Dublin 4, Irlandia). Us\u0142ugi te pomagaj\u0105 Administratorowi prowadzi\u0107 statystyki i analizowa\u0107 ruch w Serwisie Internetowym. Gromadzone dane przetwarzane s\u0105 w ramach powy\u017cszych us\u0142ug do generowania statystyk pomocnych w administrowaniu Serwisu Internetowego i analizie ruchu w Serwisie Internetowym. Dane te maj\u0105 charakter zbiorczy. Administrator korzystaj\u0105c z powy\u017cszych us\u0142ug w Serwisie Internetowym gromadzi takie dane jak \u017ar\u00f3d\u0142a i medium pozyskania odwiedzj\u0105cych Serwis Internetowy oraz spos\u00f3b ich zachowania na stronie Serwisu Internetowego, informacje na temat urz\u0105dze\u0144 i przegl\u0105darek z kt\u00f3rych odwiedzaj\u0105 stron\u0119, IP oraz domen\u0119, dane geograficzne oraz dane demograficzne (wiek, p\u0142e\u0107) i zainteresowania.&nbsp;<\/p><p><strong>7.8. <\/strong>Mo\u017cliwe jest zablokowanie w \u0142atwy spos\u00f3b przez dan\u0105 osob\u0119 udost\u0119pniania do Google Analytics informacji o jej aktywno\u015bci na stronie Serwisu Internetowego \u2013 w tym celu mo\u017cna na przyk\u0142ad zainstalowa\u0107 dodatek do przegl\u0105darki udost\u0119pniany przez firm\u0119 Google Ireland Ltd. dost\u0119pny tutaj: https:\/\/tools.google.com\/dlpage\/gaoptout?hl=pl.&nbsp;<\/p><p><strong>7.9. <\/strong>W zwi\u0105zku z mo\u017cliwo\u015bci\u0105 korzystania przez Administratora w Serwisie Internetowym z us\u0142ug reklamowych i analitycznych dostarczanych przez Google Ireland Ltd., Administrator wskazuje, \u017ce pe\u0142na informacja o zasadach przetwarzania danych os\u00f3b odwiedzaj\u0105cych Serwis Internetowy (w tym informacji zapisanych w plikach Cookies) przez Google Ireland Ltd. znajduje si\u0119 w polityce prywatno\u015bci us\u0142ug Google dost\u0119pnej pod adresem internetowym: https:\/\/policies.google.com\/technologies\/partner-sites.&nbsp;<\/p><h2 class=\"wp-block-heading\"><strong>8. POSTANOWIENIA KO\u0143COWE&nbsp;<\/strong><\/h2><p><strong>8.1. <\/strong>Serwis Internetowy mo\u017ce zawiera\u0107 odno\u015bniki do innych stron internetowych. Administrator namawia, by po przej\u015bciu na inne strony, zapozna\u0107 si\u0119 z polityk\u0105 prywatno\u015bci tam ustalon\u0105. Niniejsza polityka prywatno\u015bci dotyczy tylko Serwisu Internetowego Administratora.<\/p>","protected":false},"excerpt":{"rendered":"<p>SERWISU INTERNETOWEGO EMHARA.PL\/SKLEP Obowi\u0105zuje od dnia 01.06.2025 SPIS TRE\u015aCI:&nbsp; 1. POSTANOWIENIA OG\u00d3LNE2. PODSTAWY PRZETWARZANIA DANYCH3. CEL, PODSTAWA I OKRES PRZETWARZANIA DANYCH W SERWISIE INTERNETOWYM4. ODBIORCY&hellip; <\/p>\n","protected":false},"author":1,"featured_media":0,"parent":0,"menu_order":0,"comment_status":"closed","ping_status":"open","template":"","meta":{"_acf_changed":false,"om_disable_all_campaigns":false,"_monsterinsights_skip_tracking":false,"_monsterinsights_sitenote_active":false,"_monsterinsights_sitenote_note":"","_monsterinsights_sitenote_category":0,"pgc_sgb_lightbox_settings":"","footnotes":""},"class_list":["post-3","page","type-page","status-publish","hentry"],"acf":[],"aioseo_notices":[],"post_mailing_queue_ids":[],"_links":{"self":[{"href":"https:\/\/emhara.pl\/sklep\/wp-json\/wp\/v2\/pages\/3"}],"collection":[{"href":"https:\/\/emhara.pl\/sklep\/wp-json\/wp\/v2\/pages"}],"about":[{"href":"https:\/\/emhara.pl\/sklep\/wp-json\/wp\/v2\/types\/page"}],"author":[{"embeddable":true,"href":"https:\/\/emhara.pl\/sklep\/wp-json\/wp\/v2\/users\/1"}],"replies":[{"embeddable":true,"href":"https:\/\/emhara.pl\/sklep\/wp-json\/wp\/v2\/comments?post=3"}],"version-history":[{"count":104,"href":"https:\/\/emhara.pl\/sklep\/wp-json\/wp\/v2\/pages\/3\/revisions"}],"predecessor-version":[{"id":39815,"href":"https:\/\/emhara.pl\/sklep\/wp-json\/wp\/v2\/pages\/3\/revisions\/39815"}],"wp:attachment":[{"href":"https:\/\/emhara.pl\/sklep\/wp-json\/wp\/v2\/media?parent=3"}],"curies":[{"name":"wp","href":"https:\/\/api.w.org\/{rel}","templated":true}]}}